{"id":29,"date":"2016-07-14T16:08:03","date_gmt":"2016-07-14T16:08:03","guid":{"rendered":"http:\/\/knoeppel.ch\/?page_id=29"},"modified":"2026-03-31T16:20:12","modified_gmt":"2026-03-31T16:20:12","slug":"konzerte","status":"publish","type":"page","link":"https:\/\/knoeppel.ch\/","title":{"rendered":"Konzerte"},"content":{"rendered":"\n<p><strong>Kommende Gigs:<\/strong><\/p>\n\n\n\n<p>FYI: Wir haben nicht den L\u00f6ffel ins Korn geworfen, bei uns hat sich nur zwischenzeitlich niemand ums Booking gek\u00fcmmert. Ich habe nicht offiziell von Marc geh\u00f6rt, dass er wegen seinen Jazz-Projekten einfach pleite ist und ich halte das auch nur f\u00fcr ein Ger\u00fccht, jedenfalls hat er dann das Thema trotzdem angerissen und wir pr\u00e4sentieren unsere erlesene und gewohnt lukrative 2025\/2026-Kollektion!<\/p>\n\n\n\n<p>Und noch was in eigener Sache &#8211; besser sp\u00e4t als gar nie: <strong>Free Palestine!<\/strong><\/p>\n\n\n\n<p><br><strong>01.05.2026 <a href=\"https:\/\/www.salzhaus.ch\/de\/programm\/11268\/KnoeppelCH\">Salzhaus<\/a> Winterthur<\/strong><br><strong>08.05.2026 <a href=\"https:\/\/oldcapitol.ch\/events\/knoeppel-mai26\">Old Capitol<\/a> Langenthal<\/strong><br><strong>06.06.2026 <a href=\"https:\/\/www.muehlehunziken.ch\/programm\/knoeppel\">M\u00fchle Hunziken<\/a><\/strong> (wobei der gute Ruf des Lokals hoffentlich nicht allzu fest auf uns abf\u00e4rbt)<br><strong>30.10.2026 <a href=\"https:\/\/www.kufa.ch\/event\/2026-10-30-knoeppel\/\">KuFa<\/a> Lyss<\/strong><br><strong>21.11.2026 <a href=\"https:\/\/www.eisenwerk.ch\/programm\/48\/5773-Kn%C3%B6ppel\/\">Eisenwerk<\/a> Frauenfeld<\/strong><\/p>\n\n\n\n<p><strong>Vergangene Konzerte:<\/strong><\/p>\n\n\n\n<p>(Merke: Man muss nur genug kleine Locations ausw\u00e4hlen, dann klappt der Vorverkauf gleich viel besser!)<\/p>\n\n\n\n<p><strong>28.03.2026 <a href=\"https:\/\/cinemasilplaz.ch\/detail\/veranstaltung\/knoeppel-1\/3928\">Cinema Sil Plaz<\/a> Ilanz<\/strong><br><strong>14.03.2026 <a href=\"https:\/\/garedelion.ch\/events\/knoeppel-ch-jack-stoiker-ch\/\">Gare de Lion<\/a> Wil <strong><span class=\"text_exposed_show\"><em>AUSVERKAUFT<\/em><\/span><\/strong><\/strong><br><strong>07.02.2026 <a href=\"https:\/\/mokka.ch\/event\/knoeppel-3\/\">Mokka<\/a> Thun<strong> &#8211; <strong><strong><span class=\"text_exposed_show\"><em>AUSVERKAUFT<\/em><\/span><\/strong><\/strong><\/strong><\/strong><br><strong>09.01.2026 <a href=\"https:\/\/www.schuur.ch\/programm\/events\/event-details\/knoeppel-09-01-2026-konzerthaus-schuur-luzern\">Sch\u00fc\u00fcr<\/a> Luzern<\/strong> (in loser Zusammanarbeit mit und als Warm-Up f\u00fcr das Bullhead-Festival vom 07.-09.03.2025)<br><strong>28.11.2025 <a href=\"https:\/\/treppenhaus.ch\/events\/knoeppel\/\">Treppi<\/a> Rorschach &#8211; <strong><strong><span class=\"text_exposed_show\"><em>AUSVERKAUFT<\/em><\/span><\/strong><\/strong><br>22.11.2025 <a href=\"https:\/\/taptab.ch\/2025-11-22-knoeppel\">TapTab<\/a> Schaffhausen<strong> &#8211; <strong><strong><span class=\"text_exposed_show\"><em>AUSVERKAUFT<\/em><\/span><\/strong><\/strong><\/strong><br>19.09.2025 <a href=\"https:\/\/galvanik-zug.ch\/programm\/knoppel\/\">Galvanik<\/a> Zug<\/strong><\/p>\n\n\n\n<p>Die Zeit nach der Sommerpause begann bei uns im November! Das grenzt an Fr\u00fchpensionierung&#8230;<\/p>\n\n\n\n<p><strong>22.11.2024 <a href=\"https:\/\/www.gannet.lv\/agenda\/knoppel-live\">Gannet<\/a> Basel (statt im <a href=\"https:\/\/sommercasino.ch\/programm\/knoppel-2024-11-22\">Sommercasino<\/a>, dem wir an der Stelle eine ganz dicke Tr\u00e4ne nachtrauern)<\/strong><br><strong>29.11.2024 <a href=\"https:\/\/www.dynamo.ch\/event\/kn%C3%B6ppel\">Dynamo<\/a> Z\u00fcrich (mit Mamba Bites) <span class=\"text_exposed_show\"><em>AUSVERKAUFT<\/em><\/span><\/strong><\/p>\n\n\n\n<p><\/p>\n\n\n\n<p><strong>15.11.2024 <a href=\"https:\/\/oldcapitol.ch\/events\/knoeppel\">Old Capitol<\/a> Langenthal<\/strong> (nicht ausverkauft, aber sie mussten im Verlauf des Abends noch Bierf\u00e4sser organisieren)<\/p>\n\n\n\n<p>Die diesj\u00e4hrige Openair-Saison hielt unseren heftigen Rhythmus von 1 Openair pro Openair-Sommer.<\/p>\n\n\n\n<p><strong>17.08.2024 Openair Gampel<\/strong><\/p>\n\n\n\n<p>Nachdem 2023 unsere <a href=\"https:\/\/knoeppel.ch\/?page_id=562\">dritte Scheibe<\/a> rausgekommen war gingen wir zum ersten Mal so richtig auf eine Release-Tournee, gedr\u00e4ngtes Programm und schlaflose Tour-N\u00e4chte statt Vorruhestand, Corona-Pause und Ramadan!<\/p>\n\n\n\n<p><strong>03.05.2024 <a href=\"https:\/\/rathausfuerkultur.ch\/programm\/konzertabend-knoeppel\/\">Rathaus f\u00fcr Kultur<\/a> Lichtensteig<br><\/strong><strong>20.04.2024 <a href=\"https:\/\/club.badbonn.ch\/archive\/2023\/knoppel\">Bad Bonn<\/a> D\u00fcdingen (<a href=\"https:\/\/principe.photo\/2024\/04\/20\/knoeppel-bad-bonn-2\/\">Fotos Patrick Principe<\/a>)<br>15.03.2024 <a href=\"https:\/\/garedelion.ch\/events\/knoeppel-jack-stoiker-2\/\">Gare de Lion<\/a> Wil <span class=\"text_exposed_show\"><em>AUSVERKAUFT<\/em><\/span><br>01.03.2024 <a href=\"https:\/\/www.kiff.ch\/de\/knoeppel-ch-_content---1--1001--6000173.html?rubric=0\">KIFF<\/a> Aarau <span class=\"text_exposed_show\"><em>AUSVERKAUFT<\/em><\/span><br>16.02.2024 <a href=\"https:\/\/kammgarn.ch\/event\/knoeppel-2\/\">Kammgarn<\/a> Schaffhausen<br>26.01.2024 <a href=\"https:\/\/mokka.ch\/event\/knoeppel-2\/\">Mokka<\/a> Thun <span class=\"text_exposed_show\"><em>AUSVERKAUFT<\/em><\/span><br>15.12.2023 <a href=\"https:\/\/www.salzhaus.ch\/de\/programm\/5703\/knoeppel-ch.html\">Salzhaus<\/a> Winterthur <span class=\"text_exposed_show\"><em>AUSVERKAUFT<\/em><\/span><br>09.12.2023 <a href=\"https:\/\/www.schuur.ch\/programm\/events\/event-details\/knoeppel-09-12-2023-konzerthaus-schuur-luzern\/\">Sch\u00fc\u00fcr<\/a> Luzern <span class=\"text_exposed_show\"><em>AUSVERKAUFT<\/em><\/span><br>24.11.2023 <a href=\"https:\/\/www.dachstock.ch\/events\/24-11-2023-knoeppel\">Dachstock<\/a> Bern<br><\/strong><strong>04.11.2023 <a href=\"https:\/\/www.krempel.ch\/\">Krempel<\/a> Buchs<\/strong> (Fotos <a href=\"http:\/\/www.krempel.ch\/events\/knoeppel-ch\">hier<\/a>)<strong><br><\/strong><\/p>\n\n\n\n<p>Dieses Jahr soll mal wieder eine Kn\u00f6ppel-Platte erscheinen (Ende Februar sind\/waren wir Studio). Wir haben das deshalb gemacht, damit uns alle grossen OpenAirs auch buchen, weil wir ja eine neue Platte im Gep\u00e4ck haben. Wir haben aus allen Angeboten dann die besten herausgepickt und das ist (war) die Liste:<\/p>\n\n\n\n<p><strong>18.08.2023 <a href=\"https:\/\/www.lacnoir-schwarzseefestival.ch\/\">Schwarzsee Festival<\/a><\/strong> im h\u00fcbschen Senseoberland<\/p>\n\n\n\n<p>Nicht wirklich ein Konzert, aber das Sommerloch haben wir im Juni (wenn auch unfreiwillig) mit <strong><a href=\"https:\/\/knoeppel.ch\/?p=533\">Grabenhallengate<\/a> <\/strong>besetzt gehabt. Interessiert inzwischen sicher niemanden mehr, und das ist gut so.<\/p>\n\n\n\n<p>Wir sind stolz, f\u00fcr das allererste Konzert m Rahmen der <strong><a href=\"https:\/\/www.riser.ch\/\">Riser<\/a>-Konzertreihe<\/strong> in unserm schlechten (und seichten) Fahrwasser die viel besseren Damen von Mamba Bites aus Neuch\u00e2tel und Herren von Fluffy Machine aus dem Wallis zu pr\u00e4sentiert haben zu d\u00fcrfen<\/p>\n\n\n\n<p><strong>25.05.2023<\/strong> <strong><a href=\"https:\/\/www.riser.ch\/\">Riser<\/a><\/strong> im <strong><a href=\"https:\/\/exil.club\/events\/riser\">Exil Z\u00fcrich<\/a><\/strong> mit&nbsp;<strong><a href=\"https:\/\/www.instagram.com\/mambabitesmusic\/\">Mamba Bites<\/a><\/strong> und&nbsp;<strong><a href=\"https:\/\/fluffymachine.ch\/\">Fluffy Machine<\/a><\/strong><\/p>\n\n\n\n<p>2023! Jetzt ersma etwas warmspielen f\u00fcr das n\u00e4chste Album, das Ende Februar aufgenommen wird. Mokka zum allerersten, Treppenhaus zum zweiten Mal, wobei es mir rein subjektiv h\u00e4ufiger vorkommt.<\/p>\n\n\n\n<p><strong>11.02.2023 <a href=\"https:\/\/treppenhaus.ch\/events\/knoeppelch-jack-stoikerch-2\/\">Treppenhaus<\/a> Rorschach&nbsp;<span class=\"text_exposed_show\"><em>AUSVERKAUFT<\/em><\/span><br>27.01.2023 <a href=\"https:\/\/mokka.ch\/event\/knoeppel\/\">Caf\u00e9 Mokka<\/a> Thun&nbsp;<span class=\"text_exposed_show\"><em>AUSVERKAUFT<\/em><\/span><\/strong><\/p>\n\n\n\n<p>Die Herbst-Tour 2022, entweder wir haben den Zenit \u00fcberschritten oder wir haben im Fr\u00fchling Spass daran gefunden seltener, daf\u00fcr aber in kleineren Stadien zu spielen.<\/p>\n\n\n\n<p><strong>09.11.2022 <a href=\"https:\/\/www.schuur.ch\/programm\/events\/event-details\/soundtrack-of-my-life-midi-von-knoeppel-09-11-2022-konzerthaus-schuur-luzern\/\">Soundtrack of my Life in der Sch\u00fc\u00fcr Luzern<\/a> mit Midi als Gast<br><\/strong><strong>08.10.2022 <a href=\"https:\/\/www.kaeptnholger.ch\/\">K\u00e4pt&#8217;n Holger<\/a> Langnau<\/strong><\/p>\n\n\n\n<p><strong>Kn\u00f6ppel im Fernseh!<\/strong><\/p>\n\n\n\n<p>Inzwischen gibt&#8217;s sogar schon einen Dokfilm \u00fcber uns, nat\u00fcrlich von unserm Hausregisseur Joachim, der lief am 04.04.2022 unter dem Titel <a href=\"https:\/\/www.srf.ch\/play\/tv\/chfilmszene\/video\/ehr-wichser?urn=urn:srf:video:4090786a-3c3d-4741-98c2-2b919909d43c\"><strong>DOKFILM EHR WICHSER!<\/strong><\/a> in der CH:Filmszene auf SRF1. Sie haben den Filmtitel aber dort irgendwie versifft, dort heisst er nur &#8222;EHR WICHSER&#8220;. Egal, Hauptsache &#8222;Wichser&#8220;.<\/p>\n\n\n\n<p>Unsere <strong>Open-Air-Saison 2022<\/strong> ist nochmal massiv pomp\u00f6ser als &#8217;20 und &#8217;21, hier die Agenda (in chronologischer Reihenfolge)<\/p>\n\n\n\n<p><strong>02.07.2022 <a href=\"https:\/\/www.barbarie.ch\/programme-2022\/\">Barbarie<\/a> Biel<\/strong><\/p>\n\n\n\n<p>Die &#8222;Es geschehen Wunder: Kn\u00f6ppel proben!&#8220;-Fr\u00fchlings-Tour 2022. Mit dem Hintergedanken, wieder mal ein Album rauszuhauen, aber zu faul f\u00fcr den Proberaum, haben wir uns gesagt, wir gehen &#8222;back to the roots&#8220; und testen den Scheiss gleich am Menschen. Irgendwie auch Tierschutz somit. War eine gute Idee gewesen, hat riesen Spass gemacht!<\/p>\n\n\n\n<p><strong>11.06.2022 <a href=\"https:\/\/www.horstklub.ch\/shows\">Horst<\/a> Kreuzlingen <span class=\"text_exposed_show\"><em>AUSVERKAUFT<\/em><\/span><br><\/strong><strong>07.05.2022 <a href=\"https:\/\/www.mauz-einsiedeln.ch\/programm\/knoeppel\">Mauz<\/a> Einsiedeln<br>02.04.2022 <a href=\"https:\/\/cinemasilplaz.ch\/detail\/veranstaltung\/knoeppel\">Cinema sil Plaz<\/a>&nbsp; Ilanz<\/strong><\/p>\n\n\n\n<p>Auf den sind wir besonders stolz. Urspr\u00fcnglich f\u00fcr den 07.03.2020 geplant und ziemlich genau zwei Jahre sp\u00e4ter im Original-Lineup nachgeholt! Versprochen ist eben versprochen.<\/p>\n\n\n\n<p><strong>05.03.2022 <a href=\"https:\/\/montana-bar.ch\/#e590dc25f5e4ae973\">Montana Bar<\/a> Davos &#8211; (mit T\u00fcchel und S\u00fcrmle)<br><\/strong><\/p>\n\n\n\n<p>Die &#8222;Nach dem Lockdown ist vor dem Lockdown&#8220;-Tour, auch bekannt als &#8222;Doch noch keine neue Platte draussen&#8220;-Tour. Die erste Runde ging ja bekanntlich ans Virus, aber wir hatten vom gem\u00fctlichen Seniorenleben dann irgendwann auch genug gehabt und tats\u00e4chlich fast alle Nachholtermine abhaken k\u00f6nnen.<\/p>\n\n\n\n<p><strong>11.12.2021 <a href=\"https:\/\/www.dynamo.ch\/event\/kn%C3%B6ppel-neues-datum\">Dynamo<\/a> Z\u00fcrich <span class=\"text_exposed_show\"><em>AUSVERKAUFT<br><\/em><\/span><\/strong><strong>27.11.2021 <a href=\"http:\/\/www.sommercasino.ch\/programm\/neues-datum-knoeppel\">Sommercasino<\/a> Basel<br><\/strong><strong>12.11.2021 <a href=\"https:\/\/garedelion.ch\/?event=knoeppel-jack-stoiker\">Gare de Lion<\/a> Wil <span class=\"text_exposed_show\"><em>AUSVERKAUFT<br><\/em><\/span><\/strong><strong>08.10.2021 <a href=\"https:\/\/www.kammgarn.ch\/programm\/1497\/2020-09-25\">Kammgarn<\/a> Schaffhausen<br><\/strong><strong>17.09.2021 <a href=\"https:\/\/www.dachstock.ch\/events\/23-01-2021-knoppel\/\">Dachstock<\/a> Bern<br><\/strong><br>Mitten im Covid-Seniorenleben gab&#8217;s ganz einsam ein kleines aber ungemein feines Open-Air, und wenn das ISC Jubil\u00e4um feiert dann ist uns das eine sehr grosse Ehre, zusammen mit den immer geilen \u00fcblichen Verd\u00e4chtigen lautstark zu gratulieren!<\/p>\n\n\n\n<p><strong>11.09.2020 <a href=\"https:\/\/isc-club.ch\/programm\/the-monsters-knoeppel-50-jahre-isc\/\">50 Jahre ISC Bern<\/a> (wir gratulieren gerne, und noch lieber zusammen mit den Monsters, den Monofones, Danny Ramone und Suck!)<del><\/del><\/strong><\/p>\n\n\n\n<p>Nachdem im Herbst 19 unsere zweite Platte &#8222;Faszination Glied&#8220; erschienen ist, war die Herbst-Tour die &#8222;Faszination Glied-Tour&#8220;. Wir haben das also wie die grossen gemacht, wobei das inhaltlich nicht so viel ver\u00e4ndert hat, wir haben einfach die Songs gespielt, die wir am besten finden.<\/p>\n\n\n\n<p>Im Royal haben wir noch bis am Abend ger\u00e4tselt, ob das Konzert stattfinden kann oder nicht &#8211; es konnte und ist gottseidank auch nicht als Superspreader-Event in die Geschichte eingegangen, und ab dann war bekanntlich gem\u00fctliches Seniorenleben angesagt: Spazierg\u00e4nge ja, Fussball und laute Musik nein, Wichsen k.A..<\/p>\n\n\n\n<p><strong><span class=\"text_exposed_show\">28.2.2020 <a class=\"profileLink\" href=\"https:\/\/www.facebook.com\/royalbadenkultur\/?fref=mentions&amp;__xts__%5B0%5D=68.ARChh0vnQ3YweG3XcDuGLLlOik_vpyYo3Lk0RByyJggcUeiAZqvsNT_cCaxKCQ2EBnLNGaqBxYGh5v3BeS2C0jdBTxSoKeCMKwoNnjD5rQ2iViZQVJUuOrw3zivABaYqkH5aX2PWFkK5QwurKeL1EXlcDGKWGWS8gX5IIr6VcMD5yIn6zm3w2b4zoVybxA4sICJOBDPp4h9z2DdjFMA6Oa-xYY2Or0MOHQeGOKB4wrIisc3IcM3oCqTBkW4gPj0x0ffQ9LjBIVT92q-w59rD-UJ3OCQZvNeUspiyGYcweF9J-A6eRdEsZSqO_E3XG-6Cv861qQk10G6Z7GKBooxFct4b0w1g&amp;__tn__=K-R\">Royal Baden<\/a> <em>AUSVERKAUFT<br><\/em><\/span><\/strong><strong><span class=\"text_exposed_show\">24.01.2020 <a class=\"profileLink\" href=\"https:\/\/www.facebook.com\/schuurlucerne\/?fref=mentions&amp;__xts__%5B0%5D=68.ARChh0vnQ3YweG3XcDuGLLlOik_vpyYo3Lk0RByyJggcUeiAZqvsNT_cCaxKCQ2EBnLNGaqBxYGh5v3BeS2C0jdBTxSoKeCMKwoNnjD5rQ2iViZQVJUuOrw3zivABaYqkH5aX2PWFkK5QwurKeL1EXlcDGKWGWS8gX5IIr6VcMD5yIn6zm3w2b4zoVybxA4sICJOBDPp4h9z2DdjFMA6Oa-xYY2Or0MOHQeGOKB4wrIisc3IcM3oCqTBkW4gPj0x0ffQ9LjBIVT92q-w59rD-UJ3OCQZvNeUspiyGYcweF9J-A6eRdEsZSqO_E3XG-6Cv861qQk10G6Z7GKBooxFct4b0w1g&amp;__tn__=K-R\">Konzerthaus Sch\u00fc\u00fcr<\/a> Luzern <em>AUSVERKAUFT<br><\/em><\/span><\/strong><strong><span class=\"text_exposed_show\">14.12.2019 <a class=\"profileLink\" href=\"https:\/\/www.facebook.com\/grabenhalle\/?fref=mentions&amp;__xts__%5B0%5D=68.ARChh0vnQ3YweG3XcDuGLLlOik_vpyYo3Lk0RByyJggcUeiAZqvsNT_cCaxKCQ2EBnLNGaqBxYGh5v3BeS2C0jdBTxSoKeCMKwoNnjD5rQ2iViZQVJUuOrw3zivABaYqkH5aX2PWFkK5QwurKeL1EXlcDGKWGWS8gX5IIr6VcMD5yIn6zm3w2b4zoVybxA4sICJOBDPp4h9z2DdjFMA6Oa-xYY2Or0MOHQeGOKB4wrIisc3IcM3oCqTBkW4gPj0x0ffQ9LjBIVT92q-w59rD-UJ3OCQZvNeUspiyGYcweF9J-A6eRdEsZSqO_E3XG-6Cv861qQk10G6Z7GKBooxFct4b0w1g&amp;__tn__=K-R\">Grabenhalle<\/a> St. Gallen (mit <a href=\"http:\/\/www.motorizer.ch\/\">Motorizer<\/a>) <em>AUSVERKAUFT<br><\/em><\/span><\/strong><strong>22.11.2019 <a class=\"profileLink\" href=\"https:\/\/www.facebook.com\/kiffaarau\/?fref=mentions&amp;__xts__%5B0%5D=68.ARChh0vnQ3YweG3XcDuGLLlOik_vpyYo3Lk0RByyJggcUeiAZqvsNT_cCaxKCQ2EBnLNGaqBxYGh5v3BeS2C0jdBTxSoKeCMKwoNnjD5rQ2iViZQVJUuOrw3zivABaYqkH5aX2PWFkK5QwurKeL1EXlcDGKWGWS8gX5IIr6VcMD5yIn6zm3w2b4zoVybxA4sICJOBDPp4h9z2DdjFMA6Oa-xYY2Or0MOHQeGOKB4wrIisc3IcM3oCqTBkW4gPj0x0ffQ9LjBIVT92q-w59rD-UJ3OCQZvNeUspiyGYcweF9J-A6eRdEsZSqO_E3XG-6Cv861qQk10G6Z7GKBooxFct4b0w1g&amp;__tn__=K-R\">KIFF<\/a> Aarau<span class=\"text_exposed_show\"> (mit <a href=\"https:\/\/www.tuechel.com\/\">T\u00fcchel<\/a>) <em>AUSVERKAUFT<br><\/em><\/span><\/strong><strong>16.11.2019 <a class=\"profileLink\" href=\"https:\/\/www.facebook.com\/salzhauswinterthur\/?fref=mentions&amp;__xts__%5B0%5D=68.ARChh0vnQ3YweG3XcDuGLLlOik_vpyYo3Lk0RByyJggcUeiAZqvsNT_cCaxKCQ2EBnLNGaqBxYGh5v3BeS2C0jdBTxSoKeCMKwoNnjD5rQ2iViZQVJUuOrw3zivABaYqkH5aX2PWFkK5QwurKeL1EXlcDGKWGWS8gX5IIr6VcMD5yIn6zm3w2b4zoVybxA4sICJOBDPp4h9z2DdjFMA6Oa-xYY2Or0MOHQeGOKB4wrIisc3IcM3oCqTBkW4gPj0x0ffQ9LjBIVT92q-w59rD-UJ3OCQZvNeUspiyGYcweF9J-A6eRdEsZSqO_E3XG-6Cv861qQk10G6Z7GKBooxFct4b0w1g&amp;__tn__=K-R\">Salzhaus Winterthur<\/a> (Plattentaufe Ost) <span class=\"text_exposed_show\"><em>AUSVERKAUFT<br><\/em><\/span><\/strong><strong>20.09.2019 <a class=\"profileLink\" href=\"https:\/\/www.facebook.com\/frisonclub\/?fref=mentions&amp;__xts__%5B0%5D=68.ARChh0vnQ3YweG3XcDuGLLlOik_vpyYo3Lk0RByyJggcUeiAZqvsNT_cCaxKCQ2EBnLNGaqBxYGh5v3BeS2C0jdBTxSoKeCMKwoNnjD5rQ2iViZQVJUuOrw3zivABaYqkH5aX2PWFkK5QwurKeL1EXlcDGKWGWS8gX5IIr6VcMD5yIn6zm3w2b4zoVybxA4sICJOBDPp4h9z2DdjFMA6Oa-xYY2Or0MOHQeGOKB4wrIisc3IcM3oCqTBkW4gPj0x0ffQ9LjBIVT92q-w59rD-UJ3OCQZvNeUspiyGYcweF9J-A6eRdEsZSqO_E3XG-6Cv861qQk10G6Z7GKBooxFct4b0w1g&amp;__tn__=K-R\">Fri-Son<\/a> Fribourg (Plattentaufe West, feat. <a href=\"http:\/\/monofones.com\/\">The Monofones<\/a>)<\/strong><\/p>\n\n\n\n<p>18.09.2019 &#8211; <a href=\"https:\/\/www.srf.ch\/sendungen\/rock-special\/knoeppel-im-herzen-proleten\">SRF3 Rock Special zum neuen Album<\/a><\/p>\n\n\n\n<p>Der Festivalsommer 2019 &#8211; Kn\u00f6ppel an 2 (zwei!) Openairs: Mit Hauptprobe im Horst und sogar einer ordentlichen Bandprobe zu dritt in St. Ursen. Da hat Marc also nach grob f\u00fcnf Jahren Kn\u00f6ppel-Gewichse tats\u00e4chlich mal unsern <strong><a href=\"http:\/\/knoeppel.ch\/?p=163\">Proberaum<\/a><\/strong> gesehen. Und ja: er existiert tats\u00e4chlich! Unglaublich!<\/p>\n\n\n\n<p><strong><a href=\"http:\/\/knoeppel.ch\/?p=440\">03.08.2019 &#8211; Open Air Gr\u00e4nichen<\/a><br><\/strong><a href=\"http:\/\/knoeppel.ch\/?p=408\"><strong>28.06.2019 &#8211; OpenAir<\/strong><\/a><strong>&nbsp;<b>Fr 16:00 Hauptb\u00fchne (Fotos im Beitrag)<\/b><br><a href=\"http:\/\/knoeppel.ch\/?p=400\">11.05.2019 &#8211; Horst Klub Kreuzlingen<\/a>&nbsp;<b>ausverkauft<\/b><\/strong><\/p>\n\n\n\n<p>Das war also die zweieinhalbj\u00e4hrige Hey Wichsers-Tour mit Anfang an der Bad Bonn Chilbi und Abschluss im ISC &#8211; an dieser Stelle schonmal ein grosses Merci an alle Veranstalter und noch mehr an unsere Fans, wir sind stolz, dass Ihr es seid und hoffen, unsere n\u00e4chste Platte macht Euch stolz, Kn\u00f6ppel-Fans zu sein!<\/p>\n\n\n\n<p><strong><a href=\"http:\/\/knoeppel.ch\/?p=365\">15.12.2018 &#8211; ISC Bern<\/a>&nbsp;<b>ausverkauft, keine Abendkasse<br><\/b><\/strong><strong><a href=\"http:\/\/knoeppel.ch\/?p=363\">24.11.2018 \u2013 Sommercasino Basel&nbsp;<\/a><b>ausverkauft, keine Abendkasse<br><\/b><\/strong><strong><a href=\"http:\/\/knoeppel.ch\/?p=359\">05.10.2018 &#8211; Kammgarn Schaffhausen<\/a><br><\/strong><strong><a href=\"http:\/\/knoeppel.ch\/?p=373\">14.09.2018 \u2013 Le Romandie Lausanne (Label Suisse Festival)<\/a><br><\/strong><a href=\"http:\/\/knoeppel.ch\/?p=355\"><b>20.04.2018 &#8211; Kofmehl Solothurn<\/b><\/a><br><strong><a href=\"http:\/\/knoeppel.ch\/?p=323\">08.03.2018 &#8211; R\u00f6ssli Bern<\/a><\/strong>&nbsp;<strong><em><span style=\"text-decoration: line-through;\">ausverkauft, 80 Tickets an der Abendkasse<\/span><\/em>&nbsp;&#8211; UPDATE: keine Abendkasse mehr<\/strong><\/p>\n\n\n\n<p><b><a href=\"http:\/\/knoeppel.ch\/?p=305\">26.01.2018 &#8211; Grabenhalle St. Gallen<\/a> ausverkauft, keine Abendkasse<br><\/b><b><a href=\"http:\/\/knoeppel.ch\/?p=327\">23.02.2018 &#8211; Helsinki Z\u00fcri<\/a> UPDATE: Wegen grosser Nachfrage wird das Konzert in den Bogen F gleich nebenan verlegt &#8211; UPDATE 2: inzwischen auch schon wieder ausverkauft<br><\/b><strong><a href=\"http:\/\/knoeppel.ch\/?p=249\">15.12.2017&nbsp;&#8211; Salzhaus Winterthur<\/a>&nbsp;<em>ausverkauft,&nbsp;keine&nbsp;Abendkasse <\/em><\/strong>(Fotos <a href=\"http:\/\/knoeppel.ch\/?p=249\">im Beitrag<\/a>, <a href=\"https:\/\/www.salzhaus.ch\/de\/galerie\/845\/knoeppel-jack-stoikerch.html\">Fotos Salzhaus<\/a>)<br><strong><a href=\"http:\/\/knoeppel.ch\/?p=247\">30.11.2017&nbsp;&#8211; Sch\u00fc\u00fcr Luzern<\/a><br><\/strong><strong><a href=\"http:\/\/knoeppel.ch\/?p=290\">24.11.2017 &#8211; Royal Baden<\/a>&nbsp;<em>ausverkauft<br><\/em><\/strong><strong><a href=\"http:\/\/knoeppel.ch\/?p=244\">06.10.2017&nbsp;&#8211; Bad Bonn, D\u00fcdingen<\/a><\/strong>&nbsp;(<a href=\"https:\/\/principe.photo\/2017\/10\/06\/knoeppel-bad-bonn\/\">Fotos bei Patrick Principe<\/a>)<br><strong><a href=\"http:\/\/knoeppel.ch\/?p=242\">15.09.2017 &#8211; Kiff Aarau<\/a><br><\/strong><strong><a href=\"http:\/\/www.openairsg.ch\/artists\/knoeppel\/\">01.07.2017 &#8211; Kn\u00f6ppel am OpenAir St. Gallen (Sa 12:45, Sternenb\u00fchne)<\/a><br><\/strong><strong><a href=\"http:\/\/treppenhaus.ch\/events\/knoeppelch-jack-stoikerch\/\">19.05.2017 &#8211; Treppenhaus Rorschach &#8211; Jack Stoiker \/ Kn\u00f6ppel<\/a>&nbsp;<em>ausverkauft<br><\/em><\/strong><strong>10.03.2017 &#8211; Galvanik Zug &#8211; Jack Stoiker \/ Kn\u00f6ppel <\/strong>(<a href=\"http:\/\/rabbitriot.net\/20170310\/20170310.htm\">Fotos bei RabbitRiot.net<\/a>)<br><a href=\"https:\/\/www.isc-club.ch\/programm\/feb-17\/knoeppel\"><strong>16.02.2017 &#8211; ISC Bern &#8211; Jack Stoiker \/ Kn\u00f6ppel<\/strong><\/a> <em><strong>ausverkauft!<br><\/strong><\/em><a href=\"https:\/\/www.taptab.ch\/#knoeppel-ch-support-jack-stoiker-sg\"><strong>10.02.2017 &#8211; TapTab Schaffhausen &#8211; Jack Stoiker \/ Kn\u00f6ppel<\/strong><\/a><br><strong>21.12.2016 &#8211; Sch\u00fc\u00fcr Luzern &#8211; Jack Stoiker \/ Kn\u00f6ppel<\/strong> (<a href=\"http:\/\/knoeppel.ch\/?p=93\">Fotos<\/a>, <a href=\"https:\/\/www.youtube.com\/watch?v=ekdTBeMEWJw&amp;feature=youtu.be\" target=\"_blank\" rel=\"noopener\">Live-Video von &#8222;Uzwil&#8220;<\/a>, <a href=\"http:\/\/www.metalinside.ch\/2017\/01\/knoeppel-jack-stoiker-2\/\">Review bei Metalinside<\/a>)<br><strong>18.11.2016 &#8211; Helsinki Z\u00fcri &#8211; zusammen mit Elvis Explosion <\/strong>(<a href=\"http:\/\/knoeppel.ch\/?p=177\">Fotos<\/a>)<br>05.10.2016 &#8211; <a href=\"http:\/\/knoeppel.ch\/?p=104\">SRF3 Rock Special zum Thema&nbsp;Kn\u00f6ppel<\/a><br><strong>08.07.2016 &#8211; Kulturfestival St. Gallen &#8211; Symbolische Plattentaufe mit Jack Stoiker und T\u00fcchel <\/strong>(<a href=\"http:\/\/knoeppel.ch\/?p=70\">Fotos<\/a>)<br><strong>19.06.2016 &#8211; Zum glatten K\u00f6bi Z\u00fcri &#8211; Jack Stoiker \/ Kn\u00f6ppel als Vorprogramm zum EM-Match Schweiz-Frankreich (0:0)<br><\/strong><strong>02.06.2016 &#8211; Bad Bonn Kilbi &#8211; Kn\u00f6ppel er\u00f6ffnen die Kilbi!!!<\/strong> (<a href=\"http:\/\/knoeppel.ch\/?p=63\">Fotosession vom Nachmittag<\/a>)<strong><br><\/strong><\/p>\n\n\n\n<p><strong>L\u00e4ngst vergangene Konzerte:<\/strong><\/p>\n\n\n\n<p>Als Kn\u00f6ppel kn\u00f6ppeln lernte und extrem billig zu haben waren, Midi aber f\u00fcr jeden Song immer einen Spickzettel f\u00fcr die Texte brauchte.<\/p>\n\n\n\n<p><strong>09.05.2015 &#8211; bei Kuspi, Widnau &#8211; Jack Stoiker \/ Kn\u00f6ppel<br><\/strong>Schon wieder keine toten, diesmal aber schon n\u00e4her dran, gottseidank konnte die Crowdsurfing-Equipe im letzten Moment vor dem Glastisch links abbiegen. Fazit: ein andermal nochmal probieren!<\/p>\n\n\n\n<p><strong>16.04.2015 &#8211; Sch\u00fc\u00fcr Luzern &#8211; Kn\u00f6ppel und T\u00fcchel als Vorprogramm von Abw\u00e4rts<br><\/strong>So langsam ging&#8217;s aufw\u00e4rts mit Kn\u00f6ppel (Oh, welch Wortspiel!). Mit T\u00fcchel ist aber sowieso immer gut.<\/p>\n\n\n\n<p><strong>28.02.2015 &#8211; Opposition Lyss &#8211; Jack Stoiker \/ Kn\u00f6ppel<br><\/strong>Zosso, unser Fahrer an dem Abend,&nbsp;wurde freundlicherweise nicht abgef\u00fcllt, ich hingegen zeigte gegen hinten im Set etwas Wirkung. Anders kann ich mir nicht erkl\u00e4ren, den Shot namens &#8222;Sperma&#8220; tats\u00e4chlich getrunken zu haben (Fragen zum&nbsp;Namen er\u00fcbrigen sich ab dem Moment, wo man das Getr\u00e4nk gesehen hat).<\/p>\n\n\n\n<p><strong>12.12.2014 &#8211; Fest der Fanarbeit, Fanlokal FCSG &#8211;&nbsp;Jack Stoiker \/ T\u00fcchel \/ Kn\u00f6ppel<br><\/strong>Wahrscheinlich unser Karriereh\u00f6hepunkt. Das Fanlokal war eine&nbsp;permanente 3cm-tiefe Bierpf\u00fctze, es war heiss und laut und gab keine toten &#8211; was will man mehr!<\/p>\n\n\n\n<p><strong>12.07.2014 &#8211; ToGetAir Pfaffnau &#8211; Jack Stoiker \/ Kn\u00f6ppel<br><\/strong>Die Soundchecks haben etwas l\u00e4nger gedauert als geplant, unser Auftritt war dann wohl etwa um 03:00. Unvergessen \ud83d\ude42<strong><br><\/strong><\/p>\n\n\n\n<p>Noch fr\u00fcher, als wir nur zu zweit kn\u00f6ppelten, weil Marc zwar sehr gerne gekommen w\u00e4re, aber nicht konnte.<\/p>\n\n\n\n<p><strong>18.01.2014 &#8211; Bad Bonn &#8211; Kn\u00f6ppel und Stahlberger<br><\/strong>Sogar ein Wurstgrill wurde organisiert und von eigens zugereisten St. Gallern fachgerecht bedient.<\/p>\n\n\n\n<p><strong>02.11.2013 &#8211; Grabenhalle St. Gallen &#8211; als Vorband beim Jubil\u00e4um 20 Jahre T\u00fcchel<br><\/strong>Happy Birthday &#8211; mann, und schon bald ist 25 Jahre! Der Anfang einer wunderbaren Freundschaft!<\/p>\n\n\n\n<p>Unser allererstes Konzert: Ich hatte schon einige Kn\u00f6ppe-Songs parat, aber noch keine Band, als mich G\u00e4bu fragte, ob ich an seinem Geburtstagsfest mein Sideproject spielen m\u00f6chte (er glaubte allerdings, es w\u00e4re mehr in Richtung Country). Also haben wir die Band (Zosso, um genau zu sein) zusammengetrommelt und dreimal ge\u00fcbt (Um noch genauer zu sein sollte ich erw\u00e4hnen, dass wir bei den ersten zwei Proben noch einen andern Gitarristen dabeihatten und ich selbst mir f\u00fcr 99 Euro einen Epiphone-Bass gekauft hatte, aber das ging dann doch nicht gut). Marc konnte \u00fcbrigens entweder auch hier nicht kommen oder ich hab ihn gar nicht gefragt, weil ich wohl auch noch keine Demos hatte, mit denen er h\u00e4tte \u00fcben k\u00f6nnen.<\/p>\n\n\n\n<p><strong>01.09.2012 &#8211; Bad Bonn &#8211; Kn\u00f6ppel und Monoski<br><\/strong>Merci G\u00e4bu, ohne den Auftritt w\u00e4re ich vielleicht immer noch im B\u00fcro am vor-mich-hin-fiedeln! War \u00fcbrigens auch das erste mal, dass ich bei &#8222;Uf em Liintuech&#8220; den Kevin mit einem andern Namen ersetzt habe &#8211; eigentlich ein Muss f\u00fcr eine ernsthafte Party-Kapelle.<\/p>\n","protected":false},"excerpt":{"rendered":"<p>Kommende Gigs: FYI: Wir haben nicht den L\u00f6ffel ins Korn geworfen, bei uns hat sich nur zwischenzeitlich niemand ums Booking gek\u00fcmmert. Ich habe nicht offiziell von Marc geh\u00f6rt, dass er wegen seinen Jazz-Projekten einfach pleite ist und ich halte das auch nur f\u00fcr ein Ger\u00fccht, jedenfalls hat er dann das Thema trotzdem angerissen und wir&hellip;<a href=\"https:\/\/knoeppel.ch\/\" class=\"button\">Weiterlesen <span class=\"screen-reader-text\">Konzerte<\/span><\/a><\/p>\n","protected":false},"author":1,"featured_media":0,"parent":0,"menu_order":0,"comment_status":"closed","ping_status":"closed","template":"","meta":{"jetpack_post_was_ever_published":false,"footnotes":""},"jetpack_sharing_enabled":true,"jetpack_shortlink":"https:\/\/wp.me\/P8nSDI-t","_links":{"self":[{"href":"https:\/\/knoeppel.ch\/index.php?rest_route=\/wp\/v2\/pages\/29"}],"collection":[{"href":"https:\/\/knoeppel.ch\/index.php?rest_route=\/wp\/v2\/pages"}],"about":[{"href":"https:\/\/knoeppel.ch\/index.php?rest_route=\/wp\/v2\/types\/page"}],"author":[{"embeddable":true,"href":"https:\/\/knoeppel.ch\/index.php?rest_route=\/wp\/v2\/users\/1"}],"replies":[{"embeddable":true,"href":"https:\/\/knoeppel.ch\/index.php?rest_route=%2Fwp%2Fv2%2Fcomments&post=29"}],"version-history":[{"count":127,"href":"https:\/\/knoeppel.ch\/index.php?rest_route=\/wp\/v2\/pages\/29\/revisions"}],"predecessor-version":[{"id":625,"href":"https:\/\/knoeppel.ch\/index.php?rest_route=\/wp\/v2\/pages\/29\/revisions\/625"}],"wp:attachment":[{"href":"https:\/\/knoeppel.ch\/index.php?rest_route=%2Fwp%2Fv2%2Fmedia&parent=29"}],"curies":[{"name":"wp","href":"https:\/\/api.w.org\/{rel}","templated":true}]}}